{"version":"1.0","provider_name":"Gaudium Et Spes","provider_url":"https:\/\/gaudiumetspes-blog.pl","author_name":"Ks. Jacek","author_url":"https:\/\/gaudiumetspes-blog.pl\/index.php\/author\/ks-jacek\/","title":"Abrahamie, z\u0142\u00f3\u017c swego syna w ofierze! - Gaudium Et Spes","type":"rich","width":600,"height":338,"html":"<blockquote class=\"wp-embedded-content\" data-secret=\"B8YRXIbTtG\"><a href=\"https:\/\/gaudiumetspes-blog.pl\/index.php\/2011\/06\/30\/abrahamie-zoz-swego-syna-w-ofierze\/\">Abrahamie, z\u0142\u00f3\u017c swego syna w ofierze!<\/a><\/blockquote><iframe sandbox=\"allow-scripts\" security=\"restricted\" src=\"https:\/\/gaudiumetspes-blog.pl\/index.php\/2011\/06\/30\/abrahamie-zoz-swego-syna-w-ofierze\/embed\/#?secret=B8YRXIbTtG\" width=\"600\" height=\"338\" title=\"&#8222;Abrahamie, z\u0142\u00f3\u017c swego syna w ofierze!&#8221; &#8212; Gaudium Et Spes\" data-secret=\"B8YRXIbTtG\" frameborder=\"0\" marginwidth=\"0\" marginheight=\"0\" scrolling=\"no\" class=\"wp-embedded-content\"><\/iframe><script type=\"text\/javascript\">\n\/* <![CDATA[ *\/\n\/*! This file is auto-generated *\/\n!function(d,l){\"use strict\";l.querySelector&&d.addEventListener&&\"undefined\"!=typeof URL&&(d.wp=d.wp||{},d.wp.receiveEmbedMessage||(d.wp.receiveEmbedMessage=function(e){var t=e.data;if((t||t.secret||t.message||t.value)&&!\/[^a-zA-Z0-9]\/.test(t.secret)){for(var s,r,n,a=l.querySelectorAll('iframe[data-secret=\"'+t.secret+'\"]'),o=l.querySelectorAll('blockquote[data-secret=\"'+t.secret+'\"]'),c=new RegExp(\"^https?:$\",\"i\"),i=0;i<o.length;i++)o[i].style.display=\"none\";for(i=0;i<a.length;i++)s=a[i],e.source===s.contentWindow&&(s.removeAttribute(\"style\"),\"height\"===t.message?(1e3<(r=parseInt(t.value,10))?r=1e3:~~r<200&&(r=200),s.height=r):\"link\"===t.message&&(r=new URL(s.getAttribute(\"src\")),n=new URL(t.value),c.test(n.protocol))&&n.host===r.host&&l.activeElement===s&&(d.top.location.href=t.value))}},d.addEventListener(\"message\",d.wp.receiveEmbedMessage,!1),l.addEventListener(\"DOMContentLoaded\",function(){for(var e,t,s=l.querySelectorAll(\"iframe.wp-embedded-content\"),r=0;r<s.length;r++)(t=(e=s[r]).getAttribute(\"data-secret\"))||(t=Math.random().toString(36).substring(2,12),e.src+=\"#?secret=\"+t,e.setAttribute(\"data-secret\",t)),e.contentWindow.postMessage({message:\"ready\",secret:t},\"*\")},!1)))}(window,document);\n\/* ]]> *\/\n<\/script>\n","description":"Szcz\u0119\u015b\u0107 Bo\u017ce! Witam i pozdrawiam ze Szklarskiej Por\u0119by. Dzisiaj dzie\u0144 do\u015b\u0107 \u0142adny i jasny, ale szczyt Szrenicy &#8211; we mgle! I wiatr nieco silniejszy. Chyba pogoda zaczyna si\u0119 zmienia\u0107. W \u017caden to jednak spos\u00f3b nie wp\u0142ywa na og\u00f3lny nastr\u00f3j mojej Ekipy, tak wi\u0119c bardzo gor\u0105co &#8211; w imieniu nas wszystkich &#8211; pozdrawiam Was wszystkich i [&hellip;]"}