{"version":"1.0","provider_name":"Gaudium Et Spes","provider_url":"https:\/\/gaudiumetspes-blog.pl","author_name":"Ks. Jacek","author_url":"https:\/\/gaudiumetspes-blog.pl\/index.php\/author\/ks-jacek\/","title":"Nie l\u0119kajcie si\u0119! Otw\u00f3rzcie na o\u015bcie\u017c drzwi Chrystusowi! - Gaudium Et Spes","type":"rich","width":600,"height":338,"html":"<blockquote class=\"wp-embedded-content\" data-secret=\"PWTjWTeSsU\"><a href=\"https:\/\/gaudiumetspes-blog.pl\/index.php\/2011\/10\/22\/nie-lekajcie-sie-otworzcie-na-osciez\/\">Nie l\u0119kajcie si\u0119! Otw\u00f3rzcie na o\u015bcie\u017c drzwi Chrystusowi!<\/a><\/blockquote><iframe sandbox=\"allow-scripts\" security=\"restricted\" src=\"https:\/\/gaudiumetspes-blog.pl\/index.php\/2011\/10\/22\/nie-lekajcie-sie-otworzcie-na-osciez\/embed\/#?secret=PWTjWTeSsU\" width=\"600\" height=\"338\" title=\"&#8222;Nie l\u0119kajcie si\u0119! Otw\u00f3rzcie na o\u015bcie\u017c drzwi Chrystusowi!&#8221; &#8212; Gaudium Et Spes\" data-secret=\"PWTjWTeSsU\" frameborder=\"0\" marginwidth=\"0\" marginheight=\"0\" scrolling=\"no\" class=\"wp-embedded-content\"><\/iframe><script type=\"text\/javascript\">\n\/* <![CDATA[ *\/\n\/*! This file is auto-generated *\/\n!function(d,l){\"use strict\";l.querySelector&&d.addEventListener&&\"undefined\"!=typeof URL&&(d.wp=d.wp||{},d.wp.receiveEmbedMessage||(d.wp.receiveEmbedMessage=function(e){var t=e.data;if((t||t.secret||t.message||t.value)&&!\/[^a-zA-Z0-9]\/.test(t.secret)){for(var s,r,n,a=l.querySelectorAll('iframe[data-secret=\"'+t.secret+'\"]'),o=l.querySelectorAll('blockquote[data-secret=\"'+t.secret+'\"]'),c=new RegExp(\"^https?:$\",\"i\"),i=0;i<o.length;i++)o[i].style.display=\"none\";for(i=0;i<a.length;i++)s=a[i],e.source===s.contentWindow&&(s.removeAttribute(\"style\"),\"height\"===t.message?(1e3<(r=parseInt(t.value,10))?r=1e3:~~r<200&&(r=200),s.height=r):\"link\"===t.message&&(r=new URL(s.getAttribute(\"src\")),n=new URL(t.value),c.test(n.protocol))&&n.host===r.host&&l.activeElement===s&&(d.top.location.href=t.value))}},d.addEventListener(\"message\",d.wp.receiveEmbedMessage,!1),l.addEventListener(\"DOMContentLoaded\",function(){for(var e,t,s=l.querySelectorAll(\"iframe.wp-embedded-content\"),r=0;r<s.length;r++)(t=(e=s[r]).getAttribute(\"data-secret\"))||(t=Math.random().toString(36).substring(2,12),e.src+=\"#?secret=\"+t,e.setAttribute(\"data-secret\",t)),e.contentWindow.postMessage({message:\"ready\",secret:t},\"*\")},!1)))}(window,document);\n\/* ]]> *\/\n<\/script>\n","description":"Wspomnienie B\u0142. Jana Paw\u0142a II, do czyta\u0144:&nbsp; Rz 8,1\u201311;&nbsp; \u0141k 13,1\u20139 Z najwi\u0119ksz\u0105 rado\u015bci\u0105 i w duchu wdzi\u0119czno\u015bci Bogu, prze\u017cywamy dzisiaj po raz pierwszy liturgiczne wspomnienie B\u0142ogos\u0142awionego Papie\u017ca Jana Paw\u0142a II. Jest to dla nas \u017ar\u00f3d\u0142em ogromnej wewn\u0119trznej satysfakcji, \u017ce po tak kr\u00f3tkim procesie beatyfikacyjnym zosta\u0142 on w dniu 1 maja bie\u017c\u0105cego roku og\u0142oszony \u2013 [&hellip;]"}