{"version":"1.0","provider_name":"Gaudium Et Spes","provider_url":"https:\/\/gaudiumetspes-blog.pl","author_name":"Ks. Jacek","author_url":"https:\/\/gaudiumetspes-blog.pl\/index.php\/author\/ks-jacek\/","title":"O drodze, wskazanej przez \u015awi\u0119tego Jana... - Gaudium Et Spes","type":"rich","width":600,"height":338,"html":"<blockquote class=\"wp-embedded-content\" data-secret=\"0XhzixU9lJ\"><a href=\"https:\/\/gaudiumetspes-blog.pl\/index.php\/2011\/12\/27\/o-drodze-wskazanej-przez-swietego-jana\/\">O drodze, wskazanej przez \u015awi\u0119tego Jana&#8230;<\/a><\/blockquote><iframe sandbox=\"allow-scripts\" security=\"restricted\" src=\"https:\/\/gaudiumetspes-blog.pl\/index.php\/2011\/12\/27\/o-drodze-wskazanej-przez-swietego-jana\/embed\/#?secret=0XhzixU9lJ\" width=\"600\" height=\"338\" title=\"&#8222;O drodze, wskazanej przez \u015awi\u0119tego Jana&#8230;&#8221; &#8212; Gaudium Et Spes\" data-secret=\"0XhzixU9lJ\" frameborder=\"0\" marginwidth=\"0\" marginheight=\"0\" scrolling=\"no\" class=\"wp-embedded-content\"><\/iframe><script type=\"text\/javascript\">\n\/* <![CDATA[ *\/\n\/*! This file is auto-generated *\/\n!function(d,l){\"use strict\";l.querySelector&&d.addEventListener&&\"undefined\"!=typeof URL&&(d.wp=d.wp||{},d.wp.receiveEmbedMessage||(d.wp.receiveEmbedMessage=function(e){var t=e.data;if((t||t.secret||t.message||t.value)&&!\/[^a-zA-Z0-9]\/.test(t.secret)){for(var s,r,n,a=l.querySelectorAll('iframe[data-secret=\"'+t.secret+'\"]'),o=l.querySelectorAll('blockquote[data-secret=\"'+t.secret+'\"]'),c=new RegExp(\"^https?:$\",\"i\"),i=0;i<o.length;i++)o[i].style.display=\"none\";for(i=0;i<a.length;i++)s=a[i],e.source===s.contentWindow&&(s.removeAttribute(\"style\"),\"height\"===t.message?(1e3<(r=parseInt(t.value,10))?r=1e3:~~r<200&&(r=200),s.height=r):\"link\"===t.message&&(r=new URL(s.getAttribute(\"src\")),n=new URL(t.value),c.test(n.protocol))&&n.host===r.host&&l.activeElement===s&&(d.top.location.href=t.value))}},d.addEventListener(\"message\",d.wp.receiveEmbedMessage,!1),l.addEventListener(\"DOMContentLoaded\",function(){for(var e,t,s=l.querySelectorAll(\"iframe.wp-embedded-content\"),r=0;r<s.length;r++)(t=(e=s[r]).getAttribute(\"data-secret\"))||(t=Math.random().toString(36).substring(2,12),e.src+=\"#?secret=\"+t,e.setAttribute(\"data-secret\",t)),e.contentWindow.postMessage({message:\"ready\",secret:t},\"*\")},!1)))}(window,document);\n\/* ]]> *\/\n<\/script>\n","description":"Szcz\u0119\u015b\u0107 Bo\u017ce! Dzisiaj, w kolejnym dniu Oktawy Bo\u017cego Narodzenia, wspominamy \u015awi\u0119tego Jana, Aposto\u0142a i Ewangelist\u0119.&nbsp; Ten dzie\u0144 jest dniem imienin Ksi\u0119dza Kanonika Jana Grochowskiego, mojego pierwszego i wieloletniego Proboszcza, a przy tym Kap\u0142ana, od kt\u00f3rego uczy\u0142em si\u0119 kap\u0142a\u0144stwa i pracy duszpasterskiej.&nbsp; Dzi\u0119kuj\u0119 dzi\u015b Bogu za przyk\u0142ad jego kap\u0142a\u0144skiego \u017cycia, za jego wierno\u015b\u0107 tym najbardziej tradycyjnym [&hellip;]"}