{"version":"1.0","provider_name":"Gaudium Et Spes","provider_url":"https:\/\/gaudiumetspes-blog.pl","author_name":"Ks. Jacek","author_url":"https:\/\/gaudiumetspes-blog.pl\/index.php\/author\/ks-jacek\/","title":"NIE GRAJMY W FA\u0141SZYWEJ ORKIESTRZE! - Gaudium Et Spes","type":"rich","width":600,"height":338,"html":"<blockquote class=\"wp-embedded-content\" data-secret=\"tA0ZOsVhRP\"><a href=\"https:\/\/gaudiumetspes-blog.pl\/index.php\/2012\/01\/07\/nie-grajmy-w-faszywej-orkiestrze\/\">NIE GRAJMY W FA\u0141SZYWEJ ORKIESTRZE!<\/a><\/blockquote><iframe sandbox=\"allow-scripts\" security=\"restricted\" src=\"https:\/\/gaudiumetspes-blog.pl\/index.php\/2012\/01\/07\/nie-grajmy-w-faszywej-orkiestrze\/embed\/#?secret=tA0ZOsVhRP\" width=\"600\" height=\"338\" title=\"&#8222;NIE GRAJMY W FA\u0141SZYWEJ ORKIESTRZE!&#8221; &#8212; Gaudium Et Spes\" data-secret=\"tA0ZOsVhRP\" frameborder=\"0\" marginwidth=\"0\" marginheight=\"0\" scrolling=\"no\" class=\"wp-embedded-content\"><\/iframe><script type=\"text\/javascript\">\n\/* <![CDATA[ *\/\n\/*! This file is auto-generated *\/\n!function(d,l){\"use strict\";l.querySelector&&d.addEventListener&&\"undefined\"!=typeof URL&&(d.wp=d.wp||{},d.wp.receiveEmbedMessage||(d.wp.receiveEmbedMessage=function(e){var t=e.data;if((t||t.secret||t.message||t.value)&&!\/[^a-zA-Z0-9]\/.test(t.secret)){for(var s,r,n,a=l.querySelectorAll('iframe[data-secret=\"'+t.secret+'\"]'),o=l.querySelectorAll('blockquote[data-secret=\"'+t.secret+'\"]'),c=new RegExp(\"^https?:$\",\"i\"),i=0;i<o.length;i++)o[i].style.display=\"none\";for(i=0;i<a.length;i++)s=a[i],e.source===s.contentWindow&&(s.removeAttribute(\"style\"),\"height\"===t.message?(1e3<(r=parseInt(t.value,10))?r=1e3:~~r<200&&(r=200),s.height=r):\"link\"===t.message&&(r=new URL(s.getAttribute(\"src\")),n=new URL(t.value),c.test(n.protocol))&&n.host===r.host&&l.activeElement===s&&(d.top.location.href=t.value))}},d.addEventListener(\"message\",d.wp.receiveEmbedMessage,!1),l.addEventListener(\"DOMContentLoaded\",function(){for(var e,t,s=l.querySelectorAll(\"iframe.wp-embedded-content\"),r=0;r<s.length;r++)(t=(e=s[r]).getAttribute(\"data-secret\"))||(t=Math.random().toString(36).substring(2,12),e.src+=\"#?secret=\"+t,e.setAttribute(\"data-secret\",t)),e.contentWindow.postMessage({message:\"ready\",secret:t},\"*\")},!1)))}(window,document);\n\/* ]]> *\/\n<\/script>\n","description":"Kochani, pisa\u0142em ju\u017c o tym rok temu. Chcia\u0142bym jednak raz jeszcze nawi\u0105za\u0107 do sprawy, kt\u00f3ra musi budzi\u0107 nasz niepok\u00f3j. Przywo\u0142uj\u0119 zatem tekst, kt\u00f3ry rok temu zamie\u015bci\u0142em na blogu, lekko go tylko modyfikuj\u0105c. Przedstawiam kilka s\u0142\u00f3w o Wielkiej Orkiestrze \u015awi\u0105tecznej Pomocy, zapraszaj\u0105c do osobistej refleksji. Od razu zaznaczam, \u017ce s\u0105 to moje bardzo lu\u017ane refleksje. Nie [&hellip;]"}