{"version":"1.0","provider_name":"Gaudium Et Spes","provider_url":"https:\/\/gaudiumetspes-blog.pl","author_name":"Ks. Jacek","author_url":"https:\/\/gaudiumetspes-blog.pl\/index.php\/author\/ks-jacek\/","title":"\u015aladami Jezusa - dzie\u0144 8 - Gaudium Et Spes","type":"rich","width":600,"height":338,"html":"<blockquote class=\"wp-embedded-content\" data-secret=\"Cdc6cGnUjM\"><a href=\"https:\/\/gaudiumetspes-blog.pl\/index.php\/2012\/09\/15\/sladami-jezusa-dzien-8\/\">\u015aladami Jezusa &#8211; dzie\u0144 8<\/a><\/blockquote><iframe sandbox=\"allow-scripts\" security=\"restricted\" src=\"https:\/\/gaudiumetspes-blog.pl\/index.php\/2012\/09\/15\/sladami-jezusa-dzien-8\/embed\/#?secret=Cdc6cGnUjM\" width=\"600\" height=\"338\" title=\"&#8222;\u015aladami Jezusa &#8211; dzie\u0144 8&#8221; &#8212; Gaudium Et Spes\" data-secret=\"Cdc6cGnUjM\" frameborder=\"0\" marginwidth=\"0\" marginheight=\"0\" scrolling=\"no\" class=\"wp-embedded-content\"><\/iframe><script type=\"text\/javascript\">\n\/* <![CDATA[ *\/\n\/*! This file is auto-generated *\/\n!function(d,l){\"use strict\";l.querySelector&&d.addEventListener&&\"undefined\"!=typeof URL&&(d.wp=d.wp||{},d.wp.receiveEmbedMessage||(d.wp.receiveEmbedMessage=function(e){var t=e.data;if((t||t.secret||t.message||t.value)&&!\/[^a-zA-Z0-9]\/.test(t.secret)){for(var s,r,n,a=l.querySelectorAll('iframe[data-secret=\"'+t.secret+'\"]'),o=l.querySelectorAll('blockquote[data-secret=\"'+t.secret+'\"]'),c=new RegExp(\"^https?:$\",\"i\"),i=0;i<o.length;i++)o[i].style.display=\"none\";for(i=0;i<a.length;i++)s=a[i],e.source===s.contentWindow&&(s.removeAttribute(\"style\"),\"height\"===t.message?(1e3<(r=parseInt(t.value,10))?r=1e3:~~r<200&&(r=200),s.height=r):\"link\"===t.message&&(r=new URL(s.getAttribute(\"src\")),n=new URL(t.value),c.test(n.protocol))&&n.host===r.host&&l.activeElement===s&&(d.top.location.href=t.value))}},d.addEventListener(\"message\",d.wp.receiveEmbedMessage,!1),l.addEventListener(\"DOMContentLoaded\",function(){for(var e,t,s=l.querySelectorAll(\"iframe.wp-embedded-content\"),r=0;r<s.length;r++)(t=(e=s[r]).getAttribute(\"data-secret\"))||(t=Math.random().toString(36).substring(2,12),e.src+=\"#?secret=\"+t,e.setAttribute(\"data-secret\",t)),e.contentWindow.postMessage({message:\"ready\",secret:t},\"*\")},!1)))}(window,document);\n\/* ]]> *\/\n<\/script>\n","description":"Szcz\u0119\u015b\u0107 Bo\u017ce! To ju\u017c ostatni dzie\u0144 naszego pielgrzymowania. Szkoda! Pobudka o 6.15, \u015bniadanie o 6.45 i wyjazd o 7.30. Jedziemy do Groty Mlecznej, kt\u00f3r\u0105 swego czasu zobaczyli\u015bmy tylko od zewn\u0105trz, bo zosta\u0142a zamkni\u0119ta przed czasem. Wejdziemy do niej, aby potem uda\u0107 si\u0119 na Msz\u0119 \u015awi\u0119t\u0105 do sieroci\u0144ca, prowadzonego przez Siostry El\u017cbietanki, pod przewodnictwem Siostry Rafaeli. [&hellip;]"}