{"version":"1.0","provider_name":"Gaudium Et Spes","provider_url":"https:\/\/gaudiumetspes-blog.pl","author_name":"Ks. Jacek","author_url":"https:\/\/gaudiumetspes-blog.pl\/index.php\/author\/ks-jacek\/","title":"Przez Niego b\u0119dziemy wskrzeszeni! - Gaudium Et Spes","type":"rich","width":600,"height":338,"html":"<blockquote class=\"wp-embedded-content\" data-secret=\"MAjOTlWPfv\"><a href=\"https:\/\/gaudiumetspes-blog.pl\/index.php\/2019\/11\/10\/przez-niego-bedziemy-wskrzeszeni\/\">Przez Niego b\u0119dziemy wskrzeszeni!<\/a><\/blockquote><iframe sandbox=\"allow-scripts\" security=\"restricted\" src=\"https:\/\/gaudiumetspes-blog.pl\/index.php\/2019\/11\/10\/przez-niego-bedziemy-wskrzeszeni\/embed\/#?secret=MAjOTlWPfv\" width=\"600\" height=\"338\" title=\"&#8222;Przez Niego b\u0119dziemy wskrzeszeni!&#8221; &#8212; Gaudium Et Spes\" data-secret=\"MAjOTlWPfv\" frameborder=\"0\" marginwidth=\"0\" marginheight=\"0\" scrolling=\"no\" class=\"wp-embedded-content\"><\/iframe><script type=\"text\/javascript\">\n\/* <![CDATA[ *\/\n\/*! This file is auto-generated *\/\n!function(d,l){\"use strict\";l.querySelector&&d.addEventListener&&\"undefined\"!=typeof URL&&(d.wp=d.wp||{},d.wp.receiveEmbedMessage||(d.wp.receiveEmbedMessage=function(e){var t=e.data;if((t||t.secret||t.message||t.value)&&!\/[^a-zA-Z0-9]\/.test(t.secret)){for(var s,r,n,a=l.querySelectorAll('iframe[data-secret=\"'+t.secret+'\"]'),o=l.querySelectorAll('blockquote[data-secret=\"'+t.secret+'\"]'),c=new RegExp(\"^https?:$\",\"i\"),i=0;i<o.length;i++)o[i].style.display=\"none\";for(i=0;i<a.length;i++)s=a[i],e.source===s.contentWindow&&(s.removeAttribute(\"style\"),\"height\"===t.message?(1e3<(r=parseInt(t.value,10))?r=1e3:~~r<200&&(r=200),s.height=r):\"link\"===t.message&&(r=new URL(s.getAttribute(\"src\")),n=new URL(t.value),c.test(n.protocol))&&n.host===r.host&&l.activeElement===s&&(d.top.location.href=t.value))}},d.addEventListener(\"message\",d.wp.receiveEmbedMessage,!1),l.addEventListener(\"DOMContentLoaded\",function(){for(var e,t,s=l.querySelectorAll(\"iframe.wp-embedded-content\"),r=0;r<s.length;r++)(t=(e=s[r]).getAttribute(\"data-secret\"))||(t=Math.random().toString(36).substring(2,12),e.src+=\"#?secret=\"+t,e.setAttribute(\"data-secret\",t)),e.contentWindow.postMessage({message:\"ready\",secret:t},\"*\")},!1)))}(window,document);\n\/* ]]> *\/\n<\/script>\n","description":"Niech b\u0119dzie pochwalony Jezus Chrystus! Moi Drodzy, w dniu dzisiejszym urodziny prze\u017cywa Ksi\u0105dz Wojciech Bazan, dobry Kolega z od czas\u00f3w seminaryjnych, Prefekt Zespo\u0142u Szk\u00f3\u0142 Katolickich, istniej\u0105cych przy mojej rodzinnej Parafii. \u017bycz\u0119 Jubilatowi niegasn\u0105cego zapa\u0142u do pracy z dzie\u0107mi i m\u0142odzie\u017c\u0105, oraz wszelkiego Bo\u017cego b\u0142ogos\u0142awie\u0144stwa! Zapewniam o modlitwie. Moi Drodzy, wczorajszy dzie\u0144 skupienia Kandydat\u00f3w do Bierzmowania [&hellip;]"}