{"version":"1.0","provider_name":"Gaudium Et Spes","provider_url":"https:\/\/gaudiumetspes-blog.pl","author_name":"Ks. Jacek","author_url":"https:\/\/gaudiumetspes-blog.pl\/index.php\/author\/ks-jacek\/","title":"Ko\u015bci\u00f3\u0142 Boga, kt\u00f3ry On naby\u0142 w\u0142asn\u0105 krwi\u0105... - Gaudium Et Spes","type":"rich","width":600,"height":338,"html":"<blockquote class=\"wp-embedded-content\" data-secret=\"PO4Ml1WhgC\"><a href=\"https:\/\/gaudiumetspes-blog.pl\/index.php\/2020\/05\/27\/kosciol-boga-ktory-on-nabyl-wlasna-krwia\/\">Ko\u015bci\u00f3\u0142 Boga, kt\u00f3ry On naby\u0142 w\u0142asn\u0105 krwi\u0105&#8230;<\/a><\/blockquote><iframe sandbox=\"allow-scripts\" security=\"restricted\" src=\"https:\/\/gaudiumetspes-blog.pl\/index.php\/2020\/05\/27\/kosciol-boga-ktory-on-nabyl-wlasna-krwia\/embed\/#?secret=PO4Ml1WhgC\" width=\"600\" height=\"338\" title=\"&#8222;Ko\u015bci\u00f3\u0142 Boga, kt\u00f3ry On naby\u0142 w\u0142asn\u0105 krwi\u0105&#8230;&#8221; &#8212; Gaudium Et Spes\" data-secret=\"PO4Ml1WhgC\" frameborder=\"0\" marginwidth=\"0\" marginheight=\"0\" scrolling=\"no\" class=\"wp-embedded-content\"><\/iframe><script type=\"text\/javascript\">\n\/* <![CDATA[ *\/\n\/*! This file is auto-generated *\/\n!function(d,l){\"use strict\";l.querySelector&&d.addEventListener&&\"undefined\"!=typeof URL&&(d.wp=d.wp||{},d.wp.receiveEmbedMessage||(d.wp.receiveEmbedMessage=function(e){var t=e.data;if((t||t.secret||t.message||t.value)&&!\/[^a-zA-Z0-9]\/.test(t.secret)){for(var s,r,n,a=l.querySelectorAll('iframe[data-secret=\"'+t.secret+'\"]'),o=l.querySelectorAll('blockquote[data-secret=\"'+t.secret+'\"]'),c=new RegExp(\"^https?:$\",\"i\"),i=0;i<o.length;i++)o[i].style.display=\"none\";for(i=0;i<a.length;i++)s=a[i],e.source===s.contentWindow&&(s.removeAttribute(\"style\"),\"height\"===t.message?(1e3<(r=parseInt(t.value,10))?r=1e3:~~r<200&&(r=200),s.height=r):\"link\"===t.message&&(r=new URL(s.getAttribute(\"src\")),n=new URL(t.value),c.test(n.protocol))&&n.host===r.host&&l.activeElement===s&&(d.top.location.href=t.value))}},d.addEventListener(\"message\",d.wp.receiveEmbedMessage,!1),l.addEventListener(\"DOMContentLoaded\",function(){for(var e,t,s=l.querySelectorAll(\"iframe.wp-embedded-content\"),r=0;r<s.length;r++)(t=(e=s[r]).getAttribute(\"data-secret\"))||(t=Math.random().toString(36).substring(2,12),e.src+=\"#?secret=\"+t,e.setAttribute(\"data-secret\",t)),e.contentWindow.postMessage({message:\"ready\",secret:t},\"*\")},!1)))}(window,document);\n\/* ]]> *\/\n<\/script>\n","description":"Szcz\u0119\u015b\u0107 Bo\u017ce! Moi Drodzy, w dniu dzisiejszym urodziny prze\u017cywa Ksi\u0105dz Pra\u0142at Mieczys\u0142aw Lipniacki, m\u00f3j \u201erodzony\u201d Proboszcz, czyli Za\u0142o\u017cyciel i Pierwszy Proboszcz Parafii Chrystusa Mi\u0142osiernego w Bia\u0142ej Podlaskiej i Budowniczy ko\u015bcio\u0142a. I w\u0142a\u015bnie jako Proboszcz, Ksi\u0105dz Pra\u0142at prowadzi\u0142 mnie od Pierwszej Komunii \u015awi\u0119tej do kap\u0142a\u0144skiej Prymicji. Dzi\u0119kuj\u0105c Mu za wz\u00f3r pi\u0119knie i czynnie prze\u017cywanego kap\u0142a\u0144stwa, modl\u0119 [&hellip;]"}