{"version":"1.0","provider_name":"Gaudium Et Spes","provider_url":"https:\/\/gaudiumetspes-blog.pl","author_name":"Ks. Jacek","author_url":"https:\/\/gaudiumetspes-blog.pl\/index.php\/author\/ks-jacek\/","title":"Duch mocy i mi\u0142o\u015bci - i trze\u017awego my\u015blenia! - Gaudium Et Spes","type":"rich","width":600,"height":338,"html":"<blockquote class=\"wp-embedded-content\" data-secret=\"l2w9EwnkNs\"><a href=\"https:\/\/gaudiumetspes-blog.pl\/index.php\/2021\/01\/26\/duch-mocy-i-milosci-i-trzezwego-myslenia\/\">Duch mocy i mi\u0142o\u015bci &#8211; i trze\u017awego my\u015blenia!<\/a><\/blockquote><iframe sandbox=\"allow-scripts\" security=\"restricted\" src=\"https:\/\/gaudiumetspes-blog.pl\/index.php\/2021\/01\/26\/duch-mocy-i-milosci-i-trzezwego-myslenia\/embed\/#?secret=l2w9EwnkNs\" width=\"600\" height=\"338\" title=\"&#8222;Duch mocy i mi\u0142o\u015bci &#8211; i trze\u017awego my\u015blenia!&#8221; &#8212; Gaudium Et Spes\" data-secret=\"l2w9EwnkNs\" frameborder=\"0\" marginwidth=\"0\" marginheight=\"0\" scrolling=\"no\" class=\"wp-embedded-content\"><\/iframe><script type=\"text\/javascript\">\n\/* <![CDATA[ *\/\n\/*! This file is auto-generated *\/\n!function(d,l){\"use strict\";l.querySelector&&d.addEventListener&&\"undefined\"!=typeof URL&&(d.wp=d.wp||{},d.wp.receiveEmbedMessage||(d.wp.receiveEmbedMessage=function(e){var t=e.data;if((t||t.secret||t.message||t.value)&&!\/[^a-zA-Z0-9]\/.test(t.secret)){for(var s,r,n,a=l.querySelectorAll('iframe[data-secret=\"'+t.secret+'\"]'),o=l.querySelectorAll('blockquote[data-secret=\"'+t.secret+'\"]'),c=new RegExp(\"^https?:$\",\"i\"),i=0;i<o.length;i++)o[i].style.display=\"none\";for(i=0;i<a.length;i++)s=a[i],e.source===s.contentWindow&&(s.removeAttribute(\"style\"),\"height\"===t.message?(1e3<(r=parseInt(t.value,10))?r=1e3:~~r<200&&(r=200),s.height=r):\"link\"===t.message&&(r=new URL(s.getAttribute(\"src\")),n=new URL(t.value),c.test(n.protocol))&&n.host===r.host&&l.activeElement===s&&(d.top.location.href=t.value))}},d.addEventListener(\"message\",d.wp.receiveEmbedMessage,!1),l.addEventListener(\"DOMContentLoaded\",function(){for(var e,t,s=l.querySelectorAll(\"iframe.wp-embedded-content\"),r=0;r<s.length;r++)(t=(e=s[r]).getAttribute(\"data-secret\"))||(t=Math.random().toString(36).substring(2,12),e.src+=\"#?secret=\"+t,e.setAttribute(\"data-secret\",t)),e.contentWindow.postMessage({message:\"ready\",secret:t},\"*\")},!1)))}(window,document);\n\/* ]]> *\/\n<\/script>\n","description":"Szcz\u0119\u015b\u0107 Bo\u017ce! Moi Drodzy, wczorajszy dzie\u0144 ju\u017c pokaza\u0142 wyra\u017ane efekty prac remontowych w naszej Kaplicy. Jest pomalowana, na nowo porozmieszczane zosta\u0142y \u015bwiat\u0142a, pouszczelniane zosta\u0142y miejsca, przez kt\u00f3re wiatr hula\u0142 w spos\u00f3b niekontrolowany. Pozosta\u0142a wymiana okien, ale ona zacznie si\u0119 w czwartek. I tak \u2013 je\u015bli B\u00f3g pozwoli \u2013 ju\u017c w niedziel\u0119 celebrowa\u0107 b\u0119dziemy Msz\u0119 \u015awi\u0119t\u0105 [&hellip;]"}