{"version":"1.0","provider_name":"Gaudium Et Spes","provider_url":"https:\/\/gaudiumetspes-blog.pl","author_name":"Ks. Jacek","author_url":"https:\/\/gaudiumetspes-blog.pl\/index.php\/author\/ks-jacek\/","title":"Czasami trzeba odej\u015b\u0107! - Gaudium Et Spes","type":"rich","width":600,"height":338,"html":"<blockquote class=\"wp-embedded-content\" data-secret=\"hIL0AtGAeL\"><a href=\"https:\/\/gaudiumetspes-blog.pl\/index.php\/2025\/07\/19\/czasami-trzeba-odejsc\/\">Czasami trzeba odej\u015b\u0107!<\/a><\/blockquote><iframe sandbox=\"allow-scripts\" security=\"restricted\" src=\"https:\/\/gaudiumetspes-blog.pl\/index.php\/2025\/07\/19\/czasami-trzeba-odejsc\/embed\/#?secret=hIL0AtGAeL\" width=\"600\" height=\"338\" title=\"&#8222;Czasami trzeba odej\u015b\u0107!&#8221; &#8212; Gaudium Et Spes\" data-secret=\"hIL0AtGAeL\" frameborder=\"0\" marginwidth=\"0\" marginheight=\"0\" scrolling=\"no\" class=\"wp-embedded-content\"><\/iframe><script type=\"text\/javascript\">\n\/* <![CDATA[ *\/\n\/*! This file is auto-generated *\/\n!function(d,l){\"use strict\";l.querySelector&&d.addEventListener&&\"undefined\"!=typeof URL&&(d.wp=d.wp||{},d.wp.receiveEmbedMessage||(d.wp.receiveEmbedMessage=function(e){var t=e.data;if((t||t.secret||t.message||t.value)&&!\/[^a-zA-Z0-9]\/.test(t.secret)){for(var s,r,n,a=l.querySelectorAll('iframe[data-secret=\"'+t.secret+'\"]'),o=l.querySelectorAll('blockquote[data-secret=\"'+t.secret+'\"]'),c=new RegExp(\"^https?:$\",\"i\"),i=0;i<o.length;i++)o[i].style.display=\"none\";for(i=0;i<a.length;i++)s=a[i],e.source===s.contentWindow&&(s.removeAttribute(\"style\"),\"height\"===t.message?(1e3<(r=parseInt(t.value,10))?r=1e3:~~r<200&&(r=200),s.height=r):\"link\"===t.message&&(r=new URL(s.getAttribute(\"src\")),n=new URL(t.value),c.test(n.protocol))&&n.host===r.host&&l.activeElement===s&&(d.top.location.href=t.value))}},d.addEventListener(\"message\",d.wp.receiveEmbedMessage,!1),l.addEventListener(\"DOMContentLoaded\",function(){for(var e,t,s=l.querySelectorAll(\"iframe.wp-embedded-content\"),r=0;r<s.length;r++)(t=(e=s[r]).getAttribute(\"data-secret\"))||(t=Math.random().toString(36).substring(2,12),e.src+=\"#?secret=\"+t,e.setAttribute(\"data-secret\",t)),e.contentWindow.postMessage({message:\"ready\",secret:t},\"*\")},!1)))}(window,document);\n\/* ]]> *\/\n<\/script>\n","description":"Szcz\u0119\u015b\u0107 Bo\u017ce! Drodzy moi, pozdrawiam z Lublina, sk\u0105d przed 9:00 wyrusz\u0119 \u2013 wraz z Szymonem Sal\u0105, wczorajszym Solenizantem, Wiceliderem FORMACJI \u00abSPE SALVI\u00bb, Cz\u0142owiekiem bardzo mi bliskim \u2013 do Sanktuarium Relikwii Krzy\u017ca \u015awi\u0119tego na \u015awi\u0119tym Krzy\u017cu. Jest to Sanktuarium, prowadzone przez Ojc\u00f3w Oblat\u00f3w, czyli tych Zakonnik\u00f3w, kt\u00f3rzy opiekuj\u0105 si\u0119 Sanktuarium w Kodniu. I to w\u0142a\u015bnie w [&hellip;]"}